{"id":10,"date":"2025-09-12T21:59:39","date_gmt":"2025-09-12T19:59:39","guid":{"rendered":"https:\/\/mouscaillo.com\/?page_id=10"},"modified":"2025-09-23T12:19:08","modified_gmt":"2025-09-23T10:19:08","slug":"le-terroir-de-roquetaillade","status":"publish","type":"page","link":"https:\/\/mouscaillo.com\/index.php\/fr\/le-terroir-de-roquetaillade\/","title":{"rendered":"Le Terroir"},"content":{"rendered":"\n<div class=\"wp-block-uagb-container uagb-block-59886684 alignwide uagb-is-root-container\">\n<div class=\"wp-block-group alignfull is-vertical is-content-justification-center is-nowrap is-layout-flex wp-container-core-group-is-layout-d7b04dc7 wp-block-group-is-layout-flex\">\n<div style=\"height:0px\" aria-hidden=\"true\" class=\"wp-block-spacer wp-container-content-728072c3\"><\/div>\n\n\n\n<p class=\"has-text-align-center has-palette-color-9-color has-text-color has-link-color has-xx-large-font-size wp-elements-897cf884ae4b709fd78eef439e8a1254\" style=\"line-height:1\">Le terroir de Roquetaillade<\/p>\n\n\n\n<p class=\"has-text-align-center has-palette-color-9-color has-text-color has-link-color has-large-font-size wp-elements-163803be305efbd00cf79a0d95265cad\">Un havre de fra\u00eecheur, au sein du Languedoc<\/p>\n\n\n\n<div style=\"height:0px\" aria-hidden=\"true\" class=\"wp-block-spacer wp-container-content-728072c3\"><\/div>\n<\/div>\n<\/div>\n\n\n\n<p>Au coeur du Languedoc, Roquetaillade est un terroir d&rsquo;altitude qui se d\u00e9marque par sa surprenante fra\u00eecheur, issue des influences Pyr\u00e9n\u00e9ennes.<\/p>\n\n\n\n<div class=\"wp-block-group alignfull is-layout-constrained wp-container-core-group-is-layout-d89aad35 wp-block-group-is-layout-constrained\" style=\"margin-top:0;margin-bottom:0;padding-top:var(--wp--preset--spacing--50);padding-right:var(--wp--preset--spacing--50);padding-bottom:var(--wp--preset--spacing--50);padding-left:var(--wp--preset--spacing--50)\">\n<h2 class=\"wp-block-heading\">Roquetaillade, terroir d&rsquo;altitude<\/h2>\n\n\n\n<p>Sur les contreforts des Pyr\u00e9n\u00e9es, adoss\u00e9 \u00e0 une falaise calcaire, Roquetaillade est un petit village qui se d\u00e9marque du reste du Languedoc par sa surprenante fra\u00eecheur.<\/p>\n\n\n\n<p>On y trouve un v\u00e9ritable carrefour climatique : les entr\u00e9es M\u00e9diterran\u00e9ennes, att\u00e9nu\u00e9es par les Corbi\u00e8res, se m\u00ealent aux influences Atlantiques, le tout temp\u00e9r\u00e9 par la fra\u00eecheur venue des Pyr\u00e9n\u00e9es.<\/p>\n\n\n\n<p>Les paysages y sont anciens : les roches calcaires datent de l&rsquo;Ypr\u00e9sien, soit 54 millions d&rsquo;ann\u00e9es. T\u00e9moins d&rsquo;un ancienne mer, une multitude de fossiles marins aux noms po\u00e9tiques pars\u00e8ment ces marnes et ces calcaires : <em>Turritella figolina, Assilina leymerei, Nummulites couizensis, Nummulites exilis Alveolina cucumiformis, Operculina subgranulosa, Turritella trempina, &#8230;<\/em><\/p>\n\n\n\n<p>Les sols y sont profonds : les argilo-calcaires agissent comme de v\u00e9ritables \u00e9ponges, retenant l&rsquo;eau et maintenant une certaine humidit\u00e9 dans le sol. La vigne n&rsquo;y souffre donc pas de la s\u00e9cheresse.<\/p>\n<\/div>\n\n\n\n<div class=\"wp-block-uagb-container uagb-block-0b10bff9 alignwide uagb-is-root-container\">\n<div class=\"wp-block-uagb-container uagb-block-a3b823fd\">\n<figure class=\"wp-block-image size-large\"><a href=\"https:\/\/mouscaillo.com\/wp-content\/uploads\/2025\/09\/paysage2.jpg\"><img loading=\"lazy\" decoding=\"async\" width=\"1024\" height=\"683\" src=\"https:\/\/mouscaillo.com\/wp-content\/uploads\/2025\/09\/paysage2-1024x683.jpg\" alt=\"\" class=\"wp-image-324\" srcset=\"https:\/\/mouscaillo.com\/wp-content\/uploads\/2025\/09\/paysage2-1024x683.jpg 1024w, https:\/\/mouscaillo.com\/wp-content\/uploads\/2025\/09\/paysage2-300x200.jpg 300w, https:\/\/mouscaillo.com\/wp-content\/uploads\/2025\/09\/paysage2-768x512.jpg 768w, https:\/\/mouscaillo.com\/wp-content\/uploads\/2025\/09\/paysage2-1536x1024.jpg 1536w, https:\/\/mouscaillo.com\/wp-content\/uploads\/2025\/09\/paysage2-2048x1365.jpg 2048w\" sizes=\"auto, (max-width: 1024px) 100vw, 1024px\" \/><\/a><\/figure>\n<\/div>\n\n\n\n<div class=\"wp-block-uagb-container uagb-block-47fa8854\">\n<figure class=\"wp-block-image aligncenter size-large\"><a href=\"https:\/\/mouscaillo.com\/wp-content\/uploads\/2025\/09\/20250923_113850.jpg\"><img loading=\"lazy\" decoding=\"async\" width=\"1024\" height=\"768\" src=\"https:\/\/mouscaillo.com\/wp-content\/uploads\/2025\/09\/20250923_113850-1024x768.jpg\" alt=\"\" class=\"wp-image-321\" srcset=\"https:\/\/mouscaillo.com\/wp-content\/uploads\/2025\/09\/20250923_113850-1024x768.jpg 1024w, https:\/\/mouscaillo.com\/wp-content\/uploads\/2025\/09\/20250923_113850-300x225.jpg 300w, https:\/\/mouscaillo.com\/wp-content\/uploads\/2025\/09\/20250923_113850-768x576.jpg 768w, https:\/\/mouscaillo.com\/wp-content\/uploads\/2025\/09\/20250923_113850-1536x1152.jpg 1536w, https:\/\/mouscaillo.com\/wp-content\/uploads\/2025\/09\/20250923_113850-2048x1536.jpg 2048w\" sizes=\"auto, (max-width: 1024px) 100vw, 1024px\" \/><\/a><\/figure>\n<\/div>\n\n\n\n<div class=\"wp-block-uagb-container uagb-block-803c7e53\">\n<figure class=\"wp-block-image size-large\"><a href=\"https:\/\/mouscaillo.com\/wp-content\/uploads\/2025\/09\/Mouscaillo_paysage.jpg\"><img loading=\"lazy\" decoding=\"async\" width=\"1024\" height=\"576\" src=\"https:\/\/mouscaillo.com\/wp-content\/uploads\/2025\/09\/Mouscaillo_paysage-1024x576.jpg\" alt=\"\" class=\"wp-image-323\" srcset=\"https:\/\/mouscaillo.com\/wp-content\/uploads\/2025\/09\/Mouscaillo_paysage-1024x576.jpg 1024w, https:\/\/mouscaillo.com\/wp-content\/uploads\/2025\/09\/Mouscaillo_paysage-300x169.jpg 300w, https:\/\/mouscaillo.com\/wp-content\/uploads\/2025\/09\/Mouscaillo_paysage-768x432.jpg 768w, https:\/\/mouscaillo.com\/wp-content\/uploads\/2025\/09\/Mouscaillo_paysage-1536x864.jpg 1536w, https:\/\/mouscaillo.com\/wp-content\/uploads\/2025\/09\/Mouscaillo_paysage.jpg 1614w\" sizes=\"auto, (max-width: 1024px) 100vw, 1024px\" \/><\/a><\/figure>\n<\/div>\n<\/div>\n\n\n\n<div class=\"wp-block-group is-layout-constrained wp-block-group-is-layout-constrained\">\n<h2 class=\"wp-block-heading\">Des vignes tenues dans le respect du terroir<\/h2>\n\n\n\n<p>Notre but est que toute l&rsquo;expression du terroir de Roquetaillade puisse se retrouver dans nos vins. Il est alors \u00e9vident que nous devons pr\u00e9server au mieux ce terroir.<\/p>\n\n\n\n<p>Cela passe par la pr\u00e9servation des \u00e9cosyst\u00e8mes naturels et agricoles dans le paysage : nous travaillons donc selon des pr\u00e9ceptes d&rsquo;<a href=\"index.php?option=com_content&amp;view=article&amp;id=2:article-agroeco&amp;catid=2:uncategorised&amp;lang=fr-FR\">agro\u00e9cologie<\/a> (voir la page <a href=\"index.php?option=com_content&amp;view=article&amp;id=2:article-agroeco&amp;catid=2:uncategorised&amp;lang=fr-FR\">Agro\u00e9cologie <\/a>pour en savoir plus).<\/p>\n\n\n\n<p>Nous faisons en sorte que les vignes puissent durer aussi longtemps que possible : respect des courants de s\u00e8ve lors de la taille, complantation, lutte contre les maladies du bois&#8230; Un exemple de ce que l&rsquo;on met en place sur cette vid\u00e9o : <a href=\"https:\/\/youtu.be\/M8Prsi70-f8\">https:\/\/youtu.be\/M8Prsi70-f8<\/a><\/p>\n\n\n\n<p>Finalement, nous souhaitons obtenir des raisins sains et de qualit\u00e9 : nous pouvons alors travailler \u00e0 la cave aussi simplement que possible, sans ajouter aucun artifices \u00e0 nos <a href=\"index.php?option=com_content&amp;view=article&amp;id=4:les-vins&amp;catid=2:uncategorised&amp;lang=fr-FR\">vins<\/a>.<\/p>\n<\/div>\n\n\n\n<div class=\"wp-block-uagb-container uagb-block-ad5ff395 alignwide uagb-is-root-container\">\n<div class=\"wp-block-uagb-container uagb-block-45b096b2\">\n<figure class=\"wp-block-image size-large\"><a href=\"https:\/\/mouscaillo.com\/wp-content\/uploads\/2025\/09\/Camille_Thomas.jpg\"><img loading=\"lazy\" decoding=\"async\" width=\"1024\" height=\"683\" src=\"https:\/\/mouscaillo.com\/wp-content\/uploads\/2025\/09\/Camille_Thomas-1024x683.jpg\" alt=\"\" class=\"wp-image-281\" srcset=\"https:\/\/mouscaillo.com\/wp-content\/uploads\/2025\/09\/Camille_Thomas-1024x683.jpg 1024w, https:\/\/mouscaillo.com\/wp-content\/uploads\/2025\/09\/Camille_Thomas-300x200.jpg 300w, https:\/\/mouscaillo.com\/wp-content\/uploads\/2025\/09\/Camille_Thomas-768x512.jpg 768w, https:\/\/mouscaillo.com\/wp-content\/uploads\/2025\/09\/Camille_Thomas-1536x1024.jpg 1536w, https:\/\/mouscaillo.com\/wp-content\/uploads\/2025\/09\/Camille_Thomas-2048x1365.jpg 2048w\" sizes=\"auto, (max-width: 1024px) 100vw, 1024px\" \/><\/a><\/figure>\n<\/div>\n\n\n\n<div class=\"wp-block-uagb-container uagb-block-7fec2054\">\n<figure class=\"wp-block-image size-large\"><a href=\"https:\/\/mouscaillo.com\/wp-content\/uploads\/2025\/09\/20180512_105235.jpg\"><img loading=\"lazy\" decoding=\"async\" width=\"1024\" height=\"768\" src=\"https:\/\/mouscaillo.com\/wp-content\/uploads\/2025\/09\/20180512_105235-1024x768.jpg\" alt=\"\" class=\"wp-image-278\" srcset=\"https:\/\/mouscaillo.com\/wp-content\/uploads\/2025\/09\/20180512_105235-1024x768.jpg 1024w, https:\/\/mouscaillo.com\/wp-content\/uploads\/2025\/09\/20180512_105235-300x225.jpg 300w, https:\/\/mouscaillo.com\/wp-content\/uploads\/2025\/09\/20180512_105235-768x576.jpg 768w, https:\/\/mouscaillo.com\/wp-content\/uploads\/2025\/09\/20180512_105235-1536x1152.jpg 1536w, https:\/\/mouscaillo.com\/wp-content\/uploads\/2025\/09\/20180512_105235.jpg 2025w\" sizes=\"auto, (max-width: 1024px) 100vw, 1024px\" \/><\/a><\/figure>\n<\/div>\n\n\n\n<div class=\"wp-block-uagb-container uagb-block-e28f916c\">\n<figure class=\"wp-block-image size-large\"><a href=\"https:\/\/mouscaillo.com\/wp-content\/uploads\/2025\/09\/diversite_habitats-1-scaled.jpg\"><img loading=\"lazy\" decoding=\"async\" width=\"1024\" height=\"768\" src=\"https:\/\/mouscaillo.com\/wp-content\/uploads\/2025\/09\/diversite_habitats-1-1024x768.jpg\" alt=\"\" class=\"wp-image-322\" srcset=\"https:\/\/mouscaillo.com\/wp-content\/uploads\/2025\/09\/diversite_habitats-1-1024x768.jpg 1024w, https:\/\/mouscaillo.com\/wp-content\/uploads\/2025\/09\/diversite_habitats-1-300x225.jpg 300w, https:\/\/mouscaillo.com\/wp-content\/uploads\/2025\/09\/diversite_habitats-1-768x576.jpg 768w, https:\/\/mouscaillo.com\/wp-content\/uploads\/2025\/09\/diversite_habitats-1-1536x1152.jpg 1536w, https:\/\/mouscaillo.com\/wp-content\/uploads\/2025\/09\/diversite_habitats-1-2048x1536.jpg 2048w\" sizes=\"auto, (max-width: 1024px) 100vw, 1024px\" \/><\/a><\/figure>\n<\/div>\n<\/div>\n\n\n\n<div class=\"wp-block-group is-layout-constrained wp-block-group-is-layout-constrained\">\n<h2 class=\"wp-block-heading\">Une famille de vignerons de caract\u00e8re<\/h2>\n\n\n\n<p>Pierre et Marie-Claire Fort sont originaires de Roquetaillade et ont travaill\u00e9 dans les vignes familiales durant leur jeunesse. Contraints de quitter la r\u00e9gion limouxine lors de la crise viticole des ann\u00e9es 80, ils travaillent dans d&rsquo;autres domaines un peu partout en France.<\/p>\n\n\n\n<p>Ils passent notamment plusieurs ann\u00e9es dans la vall\u00e9e de la Loire, o\u00f9 ils s&rsquo;essaient \u00e0 la vinification des blancs. Ils y rencontrent Didier Dagueneau, qui les pousse \u00e0 revenir \u00e0 leur terroir d&rsquo;origine et \u00e0 reprendre les vignes familiales. Ils sautent le pas en 2004, et cr\u00e9ent le Domaine de Mouscaillo, \u00e0 partir de seulement 4ha de Chardonnay.<\/p>\n\n\n\n<p>En 2017, Camille et Thomas (la belle-fille et le fils), qui travaillaient alors \u00e0 l&rsquo;INRA, d\u00e9cident de plaquer le monde de la recherche en \u00e9cologie pour revenir sur l&rsquo;exploitation. Depuis 2020, ceux sont eux qui g\u00e8rent le domaine : Pierre et Marie-Claire ont pris leur \u00ab\u00a0retraite\u00a0\u00bb pour cr\u00e9er le <strong>Domaine Llagast\u00e8re<\/strong> \u00e0 Port-Vendres (ils ont d\u00e9nich\u00e9 une petite vigne en bord de mer o\u00f9 ils vinifient du Collioure Rouge et Blanc).<\/p>\n\n\n\n<p>Camille et Thomas travaillent aussi avec Fr\u00e9d\u00e9ric, leur beau fr\u00e8re, qui \u00e9tait boucher-charcutier dans le Jura. L&rsquo;histoire de Mouscaillo s&rsquo;est finalement construite sur de nombreux changements de vie !<\/p>\n<\/div>\n\n\n\n<figure class=\"wp-block-image aligncenter size-large\"><img loading=\"lazy\" decoding=\"async\" width=\"1024\" height=\"195\" src=\"https:\/\/mouscaillo.com\/wp-content\/uploads\/2025\/09\/banniere_famille-1024x195.png\" alt=\"\" class=\"wp-image-32\" srcset=\"https:\/\/mouscaillo.com\/wp-content\/uploads\/2025\/09\/banniere_famille-1024x195.png 1024w, https:\/\/mouscaillo.com\/wp-content\/uploads\/2025\/09\/banniere_famille-300x57.png 300w, https:\/\/mouscaillo.com\/wp-content\/uploads\/2025\/09\/banniere_famille-768x146.png 768w, https:\/\/mouscaillo.com\/wp-content\/uploads\/2025\/09\/banniere_famille-1536x292.png 1536w, https:\/\/mouscaillo.com\/wp-content\/uploads\/2025\/09\/banniere_famille-2048x389.png 2048w\" sizes=\"auto, (max-width: 1024px) 100vw, 1024px\" \/><\/figure>\n","protected":false},"excerpt":{"rendered":"<p>Le terroir de Roquetaillade Un havre de fra\u00eecheur, au sein du Languedoc Au coeur du Languedoc, Roquetaillade est un terroir d&rsquo;altitude qui se d\u00e9marque par sa surprenante fra\u00eecheur, issue des influences Pyr\u00e9n\u00e9ennes. Roquetaillade, terroir d&rsquo;altitude Sur les contreforts des Pyr\u00e9n\u00e9es, adoss\u00e9 \u00e0 une falaise calcaire, Roquetaillade est un petit village qui se d\u00e9marque du reste [&hellip;]<\/p>\n","protected":false},"author":1,"featured_media":0,"parent":0,"menu_order":0,"comment_status":"closed","ping_status":"closed","template":"","meta":{"_uag_custom_page_level_css":"","footnotes":""},"class_list":["post-10","page","type-page","status-publish","hentry"],"blocksy_meta":[],"uagb_featured_image_src":{"full":false,"thumbnail":false,"medium":false,"medium_large":false,"large":false,"1536x1536":false,"2048x2048":false},"uagb_author_info":{"display_name":"Thofort","author_link":"https:\/\/mouscaillo.com\/index.php\/author\/thofort\/"},"uagb_comment_info":0,"uagb_excerpt":"Le terroir de Roquetaillade Un havre de fra\u00eecheur, au sein du Languedoc Au coeur du Languedoc, Roquetaillade est un terroir d&rsquo;altitude qui se d\u00e9marque par sa surprenante fra\u00eecheur, issue des influences Pyr\u00e9n\u00e9ennes. Roquetaillade, terroir d&rsquo;altitude Sur les contreforts des Pyr\u00e9n\u00e9es, adoss\u00e9 \u00e0 une falaise calcaire, Roquetaillade est un petit village qui se d\u00e9marque du reste\u2026","_links":{"self":[{"href":"https:\/\/mouscaillo.com\/index.php\/wp-json\/wp\/v2\/pages\/10","targetHints":{"allow":["GET"]}}],"collection":[{"href":"https:\/\/mouscaillo.com\/index.php\/wp-json\/wp\/v2\/pages"}],"about":[{"href":"https:\/\/mouscaillo.com\/index.php\/wp-json\/wp\/v2\/types\/page"}],"author":[{"embeddable":true,"href":"https:\/\/mouscaillo.com\/index.php\/wp-json\/wp\/v2\/users\/1"}],"replies":[{"embeddable":true,"href":"https:\/\/mouscaillo.com\/index.php\/wp-json\/wp\/v2\/comments?post=10"}],"version-history":[{"count":0,"href":"https:\/\/mouscaillo.com\/index.php\/wp-json\/wp\/v2\/pages\/10\/revisions"}],"wp:attachment":[{"href":"https:\/\/mouscaillo.com\/index.php\/wp-json\/wp\/v2\/media?parent=10"}],"curies":[{"name":"wp","href":"https:\/\/api.w.org\/{rel}","templated":true}]}}