{"id":52,"date":"2025-09-12T22:04:54","date_gmt":"2025-09-12T20:04:54","guid":{"rendered":"https:\/\/mouscaillo.com\/?page_id=52"},"modified":"2025-09-23T10:12:05","modified_gmt":"2025-09-23T08:12:05","slug":"les-vins","status":"publish","type":"page","link":"https:\/\/mouscaillo.com\/index.php\/fr\/les-vins\/","title":{"rendered":"Les Vins"},"content":{"rendered":"\n<div class=\"wp-block-uagb-container uagb-block-85c15181 alignwide uagb-is-root-container\">\n<div class=\"wp-block-group is-vertical is-content-justification-center is-layout-flex wp-container-core-group-is-layout-ce155fab wp-block-group-is-layout-flex\">\n<div style=\"height:10px\" aria-hidden=\"true\" class=\"wp-block-spacer wp-container-content-728072c3\"><\/div>\n\n\n\n<p class=\"has-text-align-center has-palette-color-9-color has-text-color has-link-color has-xx-large-font-size wp-elements-cd734494a8c89f215b57a4c5856cf26b\">Les vins<\/p>\n\n\n\n<p class=\"has-text-align-center has-palette-color-9-color has-text-color has-link-color has-large-font-size wp-elements-2b554fa460e4af4f8c9f43e842d20c19\">Six cuv\u00e9es, six facettes du terroir de Roquetaillade<\/p>\n\n\n\n<div style=\"height:10px\" aria-hidden=\"true\" class=\"wp-block-spacer wp-container-content-728072c3\"><\/div>\n<\/div>\n<\/div>\n\n\n\n<p>Sur le terroir d&rsquo;altitude de Roquetaillade, le domaine de Mouscaillo se d\u00e9cline aujourd&rsquo;hui en six vins.<\/p>\n\n\n\n<h2 class=\"wp-block-heading\">La gamme historique<\/h2>\n\n\n\n<p>Cr\u00e9\u00e9es par Pierre et Marie-Claire, ces cuv\u00e9es sont le reflet absolu de notre vision du terroir. Rien ne doit g\u00e2cher ce que la vigne nous apporte : l&rsquo;intervention \u00e0 la cave doit \u00eatre minimaliste et sans artifice.<\/p>\n\n\n<div class=\"wp-block-tableberg-wrapper justify-table-center wp-block-tableberg-table\" >\n\t\t\t<div class=\"tableberg-table-wrapper\" style=\"\">\n\t\t\t\t<table class = \"has-inner-border\" style=\"border-spacing: 0 0; --tableberg-inner-border-top: none; --tableberg-inner-border-right: 1px solid #000000; --tableberg-inner-border-bottom: 1px solid #000000; --tableberg-inner-border-left: none; --tableberg-inner-border-top-first: 1px solid #000000; --tableberg-inner-border-left-first: 1px solid #000000; \" data-tableberg-header=\"\" data-tableberg-footer=\"\" data-tableberg-responsive data-tableberg-rows=\"3\" data-tableberg-cols=\"2\" data-tableberg-mobile-width=\"700\" data-tableberg-mobile-mode=\"stack\" data-tableberg-mobile-direction=\"row\" data-tableberg-mobile-count=\"1\" ><colgroup><col style=\"\"\/><col style=\"\"\/><\/colgroup><tbody><tr class=\"tableberg-odd-row\" style=\"\">\n<td data-tableberg-row=\"0\" data-tableberg-col=\"0\" style=\"\" class=\"wp-block-tableberg-cell tableberg-v-align-center\"><div class=\"tableberg-cell-inner\" style=\"display: block; justify-content: center; flex-wrap: wrap; \">\n<p><strong>\u2666 AOP Limoux Blanc&nbsp;<\/strong>&nbsp;<em><a href=\"https:\/\/mouscaillo.com\/wp-content\/uploads\/2025\/09\/FT_Blc_2021.pdf\" data-type=\"link\" data-id=\"https:\/\/mouscaillo.com\/wp-content\/uploads\/2025\/09\/FT_Blc_2021.pdf\">Fiche Technique<\/a><\/em> Toute la diversit\u00e9 du terroir de Roquetaillade en un seul vin ! Assemblage de Chardonnay, Chenin et Mauzac,<br>De vieilles vignes de 50 ans et des plus jeunes de 25 ans,<br>Une parcelle expos\u00e9e au Nord et une parcelle expos\u00e9e plein Sud, face aux montagnes. Son potentiel de vieillissement est stup\u00e9fiant : n&rsquo;h\u00e9sitez pas \u00e0 oublier quelques bouteilles plusieurs ann\u00e9es dans votre cave. Nous estimons qu&rsquo;il commence son apog\u00e9e vers ses dix ans.<br>Nous r\u00e9servons une s\u00e9lection de vieux mill\u00e9simes depuis 2004, disponibles \u00e0 la vente. N&rsquo;h\u00e9sitez pas \u00e0 nous les demander !<\/p>\n<\/div><\/td>\n\n<td data-tableberg-row=\"0\" data-tableberg-col=\"1\" style=\"\" class=\"wp-block-tableberg-cell tableberg-v-align-center\"><div class=\"tableberg-cell-inner\" style=\"display: block; justify-content: center; flex-wrap: wrap; \"><figure class=\"wp-block-tableberg-image tableberg-image-center size-large is-resized wp-duotone-unset-1\"><a href=\"https:\/\/mouscaillo.com\/wp-content\/uploads\/2025\/09\/Limoux_Blanc_redim.png\" class=\"\" target=\"\"><img decoding=\"async\" src=\"https:\/\/mouscaillo.com\/wp-content\/uploads\/2025\/09\/Limoux_Blanc_redim.png\" alt=\"Img Limoux Blanc\" class=\"wp-image-1\" style=\"object-fit: cover;width: 200px;border-top:  ;border-right:  ;border-bottom:  ;border-left:  ;\" \/><\/a><\/figure><\/div><\/td>\n<\/tr><tr class=\"tableberg-even-row\" style=\"\">\n<td data-tableberg-row=\"1\" data-tableberg-col=\"0\" style=\"\" class=\"wp-block-tableberg-cell tableberg-v-align-center\"><div class=\"tableberg-cell-inner\" style=\"display: block; justify-content: center; flex-wrap: wrap; \">\n<p><strong>\u2666 IGP Haute Vall\u00e9e de l&rsquo;Aude Pinot Noir<\/strong>&nbsp;&nbsp;<em><a href=\"https:\/\/mouscaillo.com\/wp-content\/uploads\/2025\/09\/FT_PinotNoir_2021.pdf\" target=\"_blank\" rel=\"noreferrer noopener\">Fiche Technique<\/a><\/em> Allier le caract\u00e8re du Languedoc et la fraicheur du Pinot Noir ? C&rsquo;est possible ! Nous cherchons \u00e0 ne pas d\u00e9naturer la finesse de ce beau c\u00e9page, afin que les notes de griotte s&rsquo;expriment pleinement. Nous d\u00e9terminons tr\u00e8s finement la date de vendange, et sommes aussi peu interventionnistes que possible \u00e0 la cave.<\/p>\n<\/div><\/td>\n\n<td data-tableberg-row=\"1\" data-tableberg-col=\"1\" style=\"\" class=\"wp-block-tableberg-cell tableberg-v-align-center\"><div class=\"tableberg-cell-inner\" style=\"display: block; justify-content: center; flex-wrap: wrap; \"><figure class=\"wp-block-tableberg-image tableberg-image-center size-large is-resized\"><a href=\"https:\/\/mouscaillo.com\/wp-content\/uploads\/2025\/09\/Pinot-Noir-redim.png\" class=\"\" target=\"\"><img decoding=\"async\" src=\"https:\/\/mouscaillo.com\/wp-content\/uploads\/2025\/09\/Pinot-Noir-redim.png\" alt=\"\" class=\"wp-image-1\" style=\"width: 200px;border-top:  ;border-right:  ;border-bottom:  ;border-left:  ;\" \/><\/a><\/figure><\/div><\/td>\n<\/tr><tr class=\"tableberg-odd-row\" style=\"\">\n<td data-tableberg-row=\"2\" data-tableberg-col=\"0\" style=\"\" class=\"wp-block-tableberg-cell tableberg-v-align-center\"><div class=\"tableberg-cell-inner\" style=\"display: block; justify-content: center; flex-wrap: wrap; \">\n<p><strong>\u2666 AOP Cr\u00e9mant de Limoux Blanc<\/strong>&nbsp;&nbsp;<em><a href=\"https:\/\/mouscaillo.com\/wp-content\/uploads\/2025\/09\/FT_Cremant_2021.pdf\" target=\"_blank\" rel=\"noreferrer noopener\">Fiche Technique<\/a><\/em> Une bulle tendue, en Brut Nature, sans aucun ajout de sucre. La prise de mousse se fait avec du mo\u00fbt de raisin de nos vignes, et il n&rsquo;y a pas de dosage au d\u00e9gorgement. Assemblage de Chardonnay, Pinot Noir et Chenin Blanc.<\/p>\n<\/div><\/td>\n\n<td data-tableberg-row=\"2\" data-tableberg-col=\"1\" style=\"\" class=\"wp-block-tableberg-cell tableberg-v-align-center\"><div class=\"tableberg-cell-inner\" style=\"display: block; justify-content: center; flex-wrap: wrap; \"><figure class=\"wp-block-tableberg-image tableberg-image-center size-large is-resized\"><a href=\"https:\/\/mouscaillo.com\/wp-content\/uploads\/2025\/09\/Cremant_Blanc_redim.png\" class=\"\" target=\"\"><img decoding=\"async\" src=\"https:\/\/mouscaillo.com\/wp-content\/uploads\/2025\/09\/Cremant_Blanc_redim.png\" alt=\"\" class=\"wp-image-1\" style=\"width: 200px;border-top:  ;border-right:  ;border-bottom:  ;border-left:  ;\" \/><\/a><\/figure><\/div><\/td>\n<\/tr><\/tbody><\/table>\n\t\t\t<\/div>\n\t\t<\/div>\n\n\n<h2 class=\"wp-block-heading\">La nouvelle vague<\/h2>\n\n\n\n<p>Exp\u00e9rimentations heureuses, mill\u00e9simes sensationnel, ou envie irr\u00e9pressible de s&rsquo;amuser autrement, ces cuv\u00e9es atypiques vont et viennent, au fil des caprices de la nature (et des n\u00f4tres).<\/p>\n\n\n<div class=\"wp-block-tableberg-wrapper wp-block-tableberg-table\" >\n\t\t\t<div class=\"tableberg-table-wrapper\" style=\"\">\n\t\t\t\t<table class = \"has-inner-border\" style=\"border-spacing: 0 0; --tableberg-inner-border-top: none; --tableberg-inner-border-right: 1px solid #000000; --tableberg-inner-border-bottom: 1px solid #000000; --tableberg-inner-border-left: none; --tableberg-inner-border-top-first: 1px solid #000000; --tableberg-inner-border-left-first: 1px solid #000000; \" data-tableberg-header=\"\" data-tableberg-footer=\"\" data-tableberg-responsive data-tableberg-rows=\"3\" data-tableberg-cols=\"2\" data-tableberg-mobile-width=\"700\" data-tableberg-mobile-mode=\"stack\" data-tableberg-mobile-direction=\"row\" data-tableberg-mobile-count=\"1\" ><colgroup><col style=\"\"\/><col style=\"\"\/><\/colgroup><tbody><tr class=\"tableberg-odd-row\" style=\"\">\n<td data-tableberg-row=\"0\" data-tableberg-col=\"0\" style=\"\" class=\"wp-block-tableberg-cell tableberg-v-align-center\"><div class=\"tableberg-cell-inner\" style=\"display: block; justify-content: center; flex-wrap: wrap; \">\n<p><strong>\u2663 AOP Limoux Blanc &#8211; Cuv\u00e9e Mauza\u00efc<\/strong> <em><a href=\"https:\/\/mouscaillo.com\/wp-content\/uploads\/2025\/09\/FT_Mauzaic_2021.pdf\" target=\"_blank\" rel=\"noreferrer noopener\">Fiche Technique<\/a><\/em> 100% Mauzac ! Cette cuv\u00e9e est construite sur trois piliers de durabilit\u00e9 dans le temps : &#8211; conserver le patrimoine g\u00e9n\u00e9tique du Mauzac, avec plus de 70 clones diff\u00e9rents plant\u00e9s sur une m\u00eame parcelle<br>&#8211; prot\u00e9ger la vigne du d\u00e9p\u00e9rissement pr\u00e9coce par une m\u00e9thode de greffage<br>&#8211; transmettre les gestes du greffage d&rsquo;une g\u00e9n\u00e9ration \u00e0 l&rsquo;autre<\/p>\n<\/div><\/td>\n\n<td data-tableberg-row=\"0\" data-tableberg-col=\"1\" style=\"\" class=\"wp-block-tableberg-cell tableberg-v-align-center\"><div class=\"tableberg-cell-inner\" style=\"display: block; justify-content: center; flex-wrap: wrap; \"><figure class=\"wp-block-tableberg-image tableberg-image-center size-large is-resized\"><a href=\"https:\/\/mouscaillo.com\/wp-content\/uploads\/2025\/09\/mauzaic_plantes_redim-scaled.jpg\" class=\"\" target=\"\"><img decoding=\"async\" src=\"https:\/\/mouscaillo.com\/wp-content\/uploads\/2025\/09\/mauzaic_plantes_redim-768x1024.jpg\" alt=\"\" class=\"wp-image-1\" style=\"width: 200px;border-top:  ;border-right:  ;border-bottom:  ;border-left:  ;\" \/><\/a><\/figure><\/div><\/td>\n<\/tr><tr class=\"tableberg-even-row\" style=\"\">\n<td data-tableberg-row=\"1\" data-tableberg-col=\"0\" style=\"\" class=\"wp-block-tableberg-cell tableberg-v-align-center\"><div class=\"tableberg-cell-inner\" style=\"display: block; justify-content: center; flex-wrap: wrap; \">\n<p><strong>\u2663 Vin de France &#8211; Cuv\u00e9e Sisyphe<\/strong> <em><a href=\"https:\/\/mouscaillo.com\/wp-content\/uploads\/2025\/09\/FT_Sisyphe.pdf\" target=\"_blank\" rel=\"noreferrer noopener\">Fiche Technique<\/a><\/em> Il y a comme un air du Jura dans ce pur Chardonnay de Roquetaillade ! Pour cette cuv\u00e9e, nous avons voulu bousculer les codes et opter pour une vinification moins stricte. Et un habillage singulier, en papier recycl\u00e9 et sans capsule. Comme Sisyphe qui mettrait fin \u00e0 son ch\u00e2timent et abandonnerait de lui m\u00eame son rocher.<br>L&rsquo;impertinence dans toute sa fraicheur !<\/p>\n<\/div><\/td>\n\n<td data-tableberg-row=\"1\" data-tableberg-col=\"1\" style=\"\" class=\"wp-block-tableberg-cell tableberg-v-align-center\"><div class=\"tableberg-cell-inner\" style=\"display: block; justify-content: center; flex-wrap: wrap; \"><figure class=\"wp-block-tableberg-image tableberg-image-center size-large is-resized\"><a href=\"https:\/\/mouscaillo.com\/wp-content\/uploads\/2025\/09\/Sisyphe_redim.png\" class=\"\" target=\"\"><img decoding=\"async\" src=\"https:\/\/mouscaillo.com\/wp-content\/uploads\/2025\/09\/Sisyphe_redim-634x1024.png\" alt=\"\" class=\"wp-image-1\" style=\"width: 200px;border-top:  ;border-right:  ;border-bottom:  ;border-left:  ;\" \/><\/a><\/figure><\/div><\/td>\n<\/tr><tr class=\"tableberg-odd-row\" style=\"\">\n<td data-tableberg-row=\"2\" data-tableberg-col=\"0\" style=\"\" class=\"wp-block-tableberg-cell tableberg-v-align-center\"><div class=\"tableberg-cell-inner\" style=\"display: block; justify-content: center; flex-wrap: wrap; \">\n<p><strong>\u2663 AOP Cr\u00e9mant de Limoux Ros\u00e9 &#8211; Cuv\u00e9e Harmonia&nbsp;&nbsp;<\/strong><em><a href=\"https:\/\/mouscaillo.com\/wp-content\/uploads\/2025\/09\/FT_Harmonia.pdf\" target=\"_blank\" rel=\"noreferrer noopener\">Fiche Technique<\/a><\/em> Harmonia, la \u00ab\u00a0bonne entente\u00a0\u00bb en grec, fruit d&rsquo;un compromis entre l&rsquo;ancienne et la nouvelle g\u00e9n\u00e9ration de Mouscaillo. Un Cr\u00e9mant \u00e9l\u00e9gant, vif, avec une pointe de gourmandise apport\u00e9e par le Pinot-Noir.<\/p>\n<\/div><\/td>\n\n<td data-tableberg-row=\"2\" data-tableberg-col=\"1\" style=\"\" class=\"wp-block-tableberg-cell tableberg-v-align-center\"><div class=\"tableberg-cell-inner\" style=\"display: block; justify-content: center; flex-wrap: wrap; \"><figure class=\"wp-block-tableberg-image tableberg-image-center size-large is-resized\"><a href=\"https:\/\/mouscaillo.com\/wp-content\/uploads\/2025\/09\/modif_harmonia_bassin_redim2-2.png\" class=\"\" target=\"\"><img decoding=\"async\" src=\"https:\/\/mouscaillo.com\/wp-content\/uploads\/2025\/09\/modif_harmonia_bassin_redim2-2-768x1024.png\" alt=\"\" class=\"wp-image-1\" style=\"width: 200px;border-top:  ;border-right:  ;border-bottom:  ;border-left:  ;\" \/><\/a><\/figure><\/div><\/td>\n<\/tr><\/tbody><\/table>\n\t\t\t<\/div>\n\t\t<\/div>","protected":false},"excerpt":{"rendered":"<p>Les vins Six cuv\u00e9es, six facettes du terroir de Roquetaillade Sur le terroir d&rsquo;altitude de Roquetaillade, le domaine de Mouscaillo se d\u00e9cline aujourd&rsquo;hui en six vins. La gamme historique Cr\u00e9\u00e9es par Pierre et Marie-Claire, ces cuv\u00e9es sont le reflet absolu de notre vision du terroir. Rien ne doit g\u00e2cher ce que la vigne nous apporte [&hellip;]<\/p>\n","protected":false},"author":1,"featured_media":0,"parent":0,"menu_order":0,"comment_status":"closed","ping_status":"closed","template":"","meta":{"_uag_custom_page_level_css":"","footnotes":""},"class_list":["post-52","page","type-page","status-publish","hentry"],"blocksy_meta":[],"uagb_featured_image_src":{"full":false,"thumbnail":false,"medium":false,"medium_large":false,"large":false,"1536x1536":false,"2048x2048":false},"uagb_author_info":{"display_name":"Thofort","author_link":"https:\/\/mouscaillo.com\/index.php\/author\/thofort\/"},"uagb_comment_info":0,"uagb_excerpt":"Les vins Six cuv\u00e9es, six facettes du terroir de Roquetaillade Sur le terroir d&rsquo;altitude de Roquetaillade, le domaine de Mouscaillo se d\u00e9cline aujourd&rsquo;hui en six vins. La gamme historique Cr\u00e9\u00e9es par Pierre et Marie-Claire, ces cuv\u00e9es sont le reflet absolu de notre vision du terroir. Rien ne doit g\u00e2cher ce que la vigne nous apporte\u2026","_links":{"self":[{"href":"https:\/\/mouscaillo.com\/index.php\/wp-json\/wp\/v2\/pages\/52","targetHints":{"allow":["GET"]}}],"collection":[{"href":"https:\/\/mouscaillo.com\/index.php\/wp-json\/wp\/v2\/pages"}],"about":[{"href":"https:\/\/mouscaillo.com\/index.php\/wp-json\/wp\/v2\/types\/page"}],"author":[{"embeddable":true,"href":"https:\/\/mouscaillo.com\/index.php\/wp-json\/wp\/v2\/users\/1"}],"replies":[{"embeddable":true,"href":"https:\/\/mouscaillo.com\/index.php\/wp-json\/wp\/v2\/comments?post=52"}],"version-history":[{"count":0,"href":"https:\/\/mouscaillo.com\/index.php\/wp-json\/wp\/v2\/pages\/52\/revisions"}],"wp:attachment":[{"href":"https:\/\/mouscaillo.com\/index.php\/wp-json\/wp\/v2\/media?parent=52"}],"curies":[{"name":"wp","href":"https:\/\/api.w.org\/{rel}","templated":true}]}}